{"id":136,"date":"2025-10-28T20:03:08","date_gmt":"2025-10-28T20:03:08","guid":{"rendered":"https:\/\/maimilphotos.fr\/?page_id=136"},"modified":"2026-02-03T20:24:46","modified_gmt":"2026-02-03T20:24:46","slug":"a-propos","status":"publish","type":"page","link":"https:\/\/maimilphotos.fr\/index.php\/a-propos\/","title":{"rendered":"A propos"},"content":{"rendered":"\n<div class=\"wp-block-cover alignfull is-light\" style=\"padding-top:0;padding-bottom:0;min-height:471px;aspect-ratio:unset;\"><img loading=\"lazy\" decoding=\"async\" width=\"1024\" height=\"683\" class=\"wp-block-cover__image-background wp-image-576 size-large\" alt=\"\" src=\"https:\/\/maimilphotos.fr\/wp-content\/uploads\/2025\/11\/IMG_5748-1024x683.jpg\" style=\"object-position:50% 13%\" data-object-fit=\"cover\" data-object-position=\"50% 13%\" srcset=\"https:\/\/maimilphotos.fr\/wp-content\/uploads\/2025\/11\/IMG_5748-1024x683.jpg 1024w, https:\/\/maimilphotos.fr\/wp-content\/uploads\/2025\/11\/IMG_5748-300x200.jpg 300w, https:\/\/maimilphotos.fr\/wp-content\/uploads\/2025\/11\/IMG_5748-768x512.jpg 768w, https:\/\/maimilphotos.fr\/wp-content\/uploads\/2025\/11\/IMG_5748-1536x1024.jpg 1536w, https:\/\/maimilphotos.fr\/wp-content\/uploads\/2025\/11\/IMG_5748-2048x1365.jpg 2048w\" sizes=\"auto, (max-width: 1024px) 100vw, 1024px\" \/><span aria-hidden=\"true\" class=\"wp-block-cover__background has-background-dim-0 has-background-dim\" style=\"background-color:#8d8270\"><\/span><div class=\"wp-block-cover__inner-container has-global-padding is-layout-constrained wp-container-core-cover-is-layout-59f0ad84 wp-block-cover-is-layout-constrained\">\n<p class=\"has-text-align-center has-background has-large-font-size\" style=\"border-top-left-radius:13px;border-top-right-radius:13px;border-bottom-left-radius:13px;border-bottom-right-radius:13px;background-color:#0000006e\"><mark style=\"background-color:rgba(0, 0, 0, 0)\" class=\"has-inline-color has-custom-color-1-color\"><strong>\u00e0 propos de mon parcours !<\/strong><\/mark><\/p>\n<\/div><\/div>\n\n\n\n<div class=\"wp-block-columns alignwide is-layout-flex wp-container-core-columns-is-layout-b59ec774 wp-block-columns-is-layout-flex\" style=\"margin-top:4.51rem;margin-bottom:4.51rem;padding-top:2.01rem;padding-right:2.01rem;padding-bottom:2.01rem;padding-left:2.01rem\">\n<div class=\"wp-block-column is-layout-flow wp-block-column-is-layout-flow\">\n<figure class=\"wp-block-image aligncenter size-full is-resized\"><img loading=\"lazy\" decoding=\"async\" width=\"1978\" height=\"2560\" src=\"http:\/\/maimilphotos.fr\/wp-content\/uploads\/2025\/10\/IMG_3804-1-scaled.jpg\" alt=\"\" class=\"wp-image-65\" style=\"width:267px;height:auto\" srcset=\"https:\/\/maimilphotos.fr\/wp-content\/uploads\/2025\/10\/IMG_3804-1-scaled.jpg 1978w, https:\/\/maimilphotos.fr\/wp-content\/uploads\/2025\/10\/IMG_3804-1-232x300.jpg 232w, https:\/\/maimilphotos.fr\/wp-content\/uploads\/2025\/10\/IMG_3804-1-791x1024.jpg 791w, https:\/\/maimilphotos.fr\/wp-content\/uploads\/2025\/10\/IMG_3804-1-768x994.jpg 768w, https:\/\/maimilphotos.fr\/wp-content\/uploads\/2025\/10\/IMG_3804-1-1187x1536.jpg 1187w, https:\/\/maimilphotos.fr\/wp-content\/uploads\/2025\/10\/IMG_3804-1-1583x2048.jpg 1583w\" sizes=\"auto, (max-width: 1978px) 100vw, 1978px\" \/><\/figure>\n\n\n\n<blockquote class=\"wp-block-quote is-layout-flow wp-block-quote-is-layout-flow\">\n<p>photo Prise par yay&rsquo;art<\/p>\n<\/blockquote>\n\n\n\n<ul class=\"wp-block-social-links is-content-justification-center is-layout-flex wp-container-core-social-links-is-layout-a89b3969 wp-block-social-links-is-layout-flex\"><li class=\"wp-social-link wp-social-link-facebook  wp-block-social-link\"><a href=\"https:\/\/www.facebook.com\/profile.php?id=100088748482970\" class=\"wp-block-social-link-anchor\"><svg width=\"24\" height=\"24\" viewBox=\"0 0 24 24\" version=\"1.1\" xmlns=\"http:\/\/www.w3.org\/2000\/svg\" aria-hidden=\"true\" focusable=\"false\"><path d=\"M12 2C6.5 2 2 6.5 2 12c0 5 3.7 9.1 8.4 9.9v-7H7.9V12h2.5V9.8c0-2.5 1.5-3.9 3.8-3.9 1.1 0 2.2.2 2.2.2v2.5h-1.3c-1.2 0-1.6.8-1.6 1.6V12h2.8l-.4 2.9h-2.3v7C18.3 21.1 22 17 22 12c0-5.5-4.5-10-10-10z\"><\/path><\/svg><span class=\"wp-block-social-link-label screen-reader-text\">Facebook<\/span><\/a><\/li>\n\n<li class=\"wp-social-link wp-social-link-instagram  wp-block-social-link\"><a href=\"https:\/\/www.instagram.com\/yayart_event_boudoir\/\" class=\"wp-block-social-link-anchor\"><svg width=\"24\" height=\"24\" viewBox=\"0 0 24 24\" version=\"1.1\" xmlns=\"http:\/\/www.w3.org\/2000\/svg\" aria-hidden=\"true\" focusable=\"false\"><path d=\"M12,4.622c2.403,0,2.688,0.009,3.637,0.052c0.877,0.04,1.354,0.187,1.671,0.31c0.42,0.163,0.72,0.358,1.035,0.673 c0.315,0.315,0.51,0.615,0.673,1.035c0.123,0.317,0.27,0.794,0.31,1.671c0.043,0.949,0.052,1.234,0.052,3.637 s-0.009,2.688-0.052,3.637c-0.04,0.877-0.187,1.354-0.31,1.671c-0.163,0.42-0.358,0.72-0.673,1.035 c-0.315,0.315-0.615,0.51-1.035,0.673c-0.317,0.123-0.794,0.27-1.671,0.31c-0.949,0.043-1.233,0.052-3.637,0.052 s-2.688-0.009-3.637-0.052c-0.877-0.04-1.354-0.187-1.671-0.31c-0.42-0.163-0.72-0.358-1.035-0.673 c-0.315-0.315-0.51-0.615-0.673-1.035c-0.123-0.317-0.27-0.794-0.31-1.671C4.631,14.688,4.622,14.403,4.622,12 s0.009-2.688,0.052-3.637c0.04-0.877,0.187-1.354,0.31-1.671c0.163-0.42,0.358-0.72,0.673-1.035 c0.315-0.315,0.615-0.51,1.035-0.673c0.317-0.123,0.794-0.27,1.671-0.31C9.312,4.631,9.597,4.622,12,4.622 M12,3 C9.556,3,9.249,3.01,8.289,3.054C7.331,3.098,6.677,3.25,6.105,3.472C5.513,3.702,5.011,4.01,4.511,4.511 c-0.5,0.5-0.808,1.002-1.038,1.594C3.25,6.677,3.098,7.331,3.054,8.289C3.01,9.249,3,9.556,3,12c0,2.444,0.01,2.751,0.054,3.711 c0.044,0.958,0.196,1.612,0.418,2.185c0.23,0.592,0.538,1.094,1.038,1.594c0.5,0.5,1.002,0.808,1.594,1.038 c0.572,0.222,1.227,0.375,2.185,0.418C9.249,20.99,9.556,21,12,21s2.751-0.01,3.711-0.054c0.958-0.044,1.612-0.196,2.185-0.418 c0.592-0.23,1.094-0.538,1.594-1.038c0.5-0.5,0.808-1.002,1.038-1.594c0.222-0.572,0.375-1.227,0.418-2.185 C20.99,14.751,21,14.444,21,12s-0.01-2.751-0.054-3.711c-0.044-0.958-0.196-1.612-0.418-2.185c-0.23-0.592-0.538-1.094-1.038-1.594 c-0.5-0.5-1.002-0.808-1.594-1.038c-0.572-0.222-1.227-0.375-2.185-0.418C14.751,3.01,14.444,3,12,3L12,3z M12,7.378 c-2.552,0-4.622,2.069-4.622,4.622S9.448,16.622,12,16.622s4.622-2.069,4.622-4.622S14.552,7.378,12,7.378z M12,15 c-1.657,0-3-1.343-3-3s1.343-3,3-3s3,1.343,3,3S13.657,15,12,15z M16.804,6.116c-0.596,0-1.08,0.484-1.08,1.08 s0.484,1.08,1.08,1.08c0.596,0,1.08-0.484,1.08-1.08S17.401,6.116,16.804,6.116z\"><\/path><\/svg><span class=\"wp-block-social-link-label screen-reader-text\">Instagram<\/span><\/a><\/li><\/ul>\n\n\n\n<figure class=\"wp-block-image size-large is-resized\"><img loading=\"lazy\" decoding=\"async\" width=\"1024\" height=\"791\" src=\"https:\/\/maimilphotos.fr\/wp-content\/uploads\/2025\/11\/IMG_3854-1024x791.jpg\" alt=\"\" class=\"wp-image-398\" style=\"width:397px;height:auto\" srcset=\"https:\/\/maimilphotos.fr\/wp-content\/uploads\/2025\/11\/IMG_3854-1024x791.jpg 1024w, https:\/\/maimilphotos.fr\/wp-content\/uploads\/2025\/11\/IMG_3854-300x232.jpg 300w, https:\/\/maimilphotos.fr\/wp-content\/uploads\/2025\/11\/IMG_3854-768x594.jpg 768w, https:\/\/maimilphotos.fr\/wp-content\/uploads\/2025\/11\/IMG_3854-1536x1187.jpg 1536w, https:\/\/maimilphotos.fr\/wp-content\/uploads\/2025\/11\/IMG_3854-2048x1583.jpg 2048w\" sizes=\"auto, (max-width: 1024px) 100vw, 1024px\" \/><\/figure>\n<\/div>\n\n\n\n<div class=\"wp-block-column is-vertically-aligned-center is-layout-flow wp-block-column-is-layout-flow\">\n<h2 class=\"wp-block-heading has-text-align-center\" style=\"margin-top:0;margin-bottom:0\">Qui suis-je ?<\/h2>\n\n\n\n<p>Je m&rsquo;appelle&nbsp;Camille<strong> <\/strong>Mainguy, photographe passionn\u00e9e et cr\u00e9ative, originaire de&nbsp;Saint-Jean-de-Monts&nbsp;en Vend\u00e9e.<\/p>\n\n\n\n<hr class=\"wp-block-separator has-alpha-channel-opacity\"\/>\n\n\n\n<p>Ma passion pour la photo est n\u00e9e tr\u00e8s t\u00f4t \u2014 \u00e0 8 ans, avec mon tout premier appareil entre les mains. Apr\u00e8s un parcours atypique entre \u00e9tudes d\u2019aide-soignante et travail en usine, j\u2019ai d\u00e9cid\u00e9 de suivre ma v\u00e9ritable vocation :&nbsp;capturer la beaut\u00e9 du r\u00e9el \u00e0 travers l\u2019objectif.<\/p>\n\n\n\n<hr class=\"wp-block-separator has-alpha-channel-opacity\"\/>\n\n\n\n<figure class=\"wp-block-image aligncenter size-large is-resized\"><img loading=\"lazy\" decoding=\"async\" width=\"1024\" height=\"791\" src=\"https:\/\/maimilphotos.fr\/wp-content\/uploads\/2025\/11\/IMG_3843-1024x791.jpg\" alt=\"\" class=\"wp-image-399\" style=\"width:269px;height:auto\" srcset=\"https:\/\/maimilphotos.fr\/wp-content\/uploads\/2025\/11\/IMG_3843-1024x791.jpg 1024w, https:\/\/maimilphotos.fr\/wp-content\/uploads\/2025\/11\/IMG_3843-300x232.jpg 300w, https:\/\/maimilphotos.fr\/wp-content\/uploads\/2025\/11\/IMG_3843-768x594.jpg 768w, https:\/\/maimilphotos.fr\/wp-content\/uploads\/2025\/11\/IMG_3843-1536x1187.jpg 1536w, https:\/\/maimilphotos.fr\/wp-content\/uploads\/2025\/11\/IMG_3843-2048x1583.jpg 2048w\" sizes=\"auto, (max-width: 1024px) 100vw, 1024px\" \/><\/figure>\n\n\n\n<hr class=\"wp-block-separator has-alpha-channel-opacity\"\/>\n\n\n\n<p>Autodidacte et d\u00e9termin\u00e9e, j\u2019ai financ\u00e9 ma formation en photographie tout en travaillant. Cette aventure m\u2019a permis de d\u00e9velopper un regard sensible et une approche authentique de l\u2019image. J\u2019ai ensuite \u00e9largi mes comp\u00e9tences en&nbsp;graphisme et&nbsp;retouche photo, pour donner encore plus de vie et de coh\u00e9rence \u00e0 mes cr\u00e9ations.<\/p>\n\n\n\n<hr class=\"wp-block-separator has-alpha-channel-opacity\"\/>\n\n\n\n<p style=\"margin-bottom:2.75rem\">Aujourd\u2019hui, je mets mon univers au service de vos projets : portraits, familles, produits ou cr\u00e9ations artistiques.<br>Chaque s\u00e9ance est pour moi un&nbsp;moment de partage et de confiance, o\u00f9 l\u2019on cr\u00e9e ensemble des images uniques, \u00e0 votre image.<\/p>\n<\/div>\n<\/div>\n\n\n\n<div class=\"wp-block-cover alignfull\" style=\"margin-top:0;margin-bottom:0;min-height:511px;aspect-ratio:unset;\"><img loading=\"lazy\" decoding=\"async\" width=\"1024\" height=\"683\" class=\"wp-block-cover__image-background wp-image-404 size-large\" alt=\"\" src=\"https:\/\/maimilphotos.fr\/wp-content\/uploads\/2025\/11\/IMG_6175-1024x683.jpg\" data-object-fit=\"cover\" srcset=\"https:\/\/maimilphotos.fr\/wp-content\/uploads\/2025\/11\/IMG_6175-1024x683.jpg 1024w, https:\/\/maimilphotos.fr\/wp-content\/uploads\/2025\/11\/IMG_6175-300x200.jpg 300w, https:\/\/maimilphotos.fr\/wp-content\/uploads\/2025\/11\/IMG_6175-768x512.jpg 768w, https:\/\/maimilphotos.fr\/wp-content\/uploads\/2025\/11\/IMG_6175-1536x1024.jpg 1536w, https:\/\/maimilphotos.fr\/wp-content\/uploads\/2025\/11\/IMG_6175-2048x1365.jpg 2048w\" sizes=\"auto, (max-width: 1024px) 100vw, 1024px\" \/><span aria-hidden=\"true\" class=\"wp-block-cover__background has-background-dim-0 has-background-dim\" style=\"background-color:#7b7d7d\"><\/span><div class=\"wp-block-cover__inner-container has-global-padding is-layout-constrained wp-container-core-cover-is-layout-d8f60243 wp-block-cover-is-layout-constrained\">\n<p class=\"has-text-align-center has-background\" style=\"border-top-left-radius:10px;border-top-right-radius:10px;border-bottom-left-radius:10px;border-bottom-right-radius:10px;background-color:#0000005c;font-size:clamp(17.371px, 1.086rem + ((1vw - 3.2px) * 1.094), 27px);\"><strong>Du premier contact \u00e0 la livraison<\/strong><\/p>\n<\/div><\/div>\n\n\n\n<section class=\"wp-block-group alignfull has-text-color has-global-padding is-layout-constrained wp-container-core-group-is-layout-53ce9f85 wp-block-group-is-layout-constrained\" style=\"color:#03081e;margin-top:0px;padding-top:1.1rem;padding-right:var(--wp--preset--spacing--40);padding-bottom:var(--wp--preset--spacing--40);padding-left:var(--wp--preset--spacing--40);font-size:clamp(0.875rem, 0.875rem + ((1vw - 0.2rem) * 0.409), 1.1rem);font-style:normal;font-weight:400;line-height:1.4\">\n<div class=\"wp-block-columns is-layout-flex wp-container-core-columns-is-layout-db2df21c wp-block-columns-is-layout-flex\" style=\"margin-bottom:0px\">\n<div class=\"wp-block-column is-vertically-aligned-center has-global-padding is-content-justification-center is-layout-constrained wp-container-core-column-is-layout-d964c5b5 wp-block-column-is-layout-constrained\" style=\"border-width:2px;padding-top:0;padding-bottom:0;flex-basis:50%\">\n<h2 class=\"wp-block-heading has-text-align-center\">Prise de contact<\/h2>\n\n\n\n<figure class=\"wp-block-image aligncenter size-full is-resized has-custom-border\"><img loading=\"lazy\" decoding=\"async\" width=\"1748\" height=\"1240\" src=\"https:\/\/maimilphotos.fr\/wp-content\/uploads\/2026\/01\/1-1.png\" alt=\"\" class=\"wp-image-834\" style=\"border-top-left-radius:0px;border-top-right-radius:0px;border-bottom-left-radius:0px;border-bottom-right-radius:0px;width:264px;height:auto\" srcset=\"https:\/\/maimilphotos.fr\/wp-content\/uploads\/2026\/01\/1-1.png 1748w, https:\/\/maimilphotos.fr\/wp-content\/uploads\/2026\/01\/1-1-300x213.png 300w, https:\/\/maimilphotos.fr\/wp-content\/uploads\/2026\/01\/1-1-1024x726.png 1024w, https:\/\/maimilphotos.fr\/wp-content\/uploads\/2026\/01\/1-1-768x545.png 768w, https:\/\/maimilphotos.fr\/wp-content\/uploads\/2026\/01\/1-1-1536x1090.png 1536w\" sizes=\"auto, (max-width: 1748px) 100vw, 1748px\" \/><\/figure>\n\n\n\n<p class=\"has-text-align-center\">N\u2019h\u00e9site pas \u00e0 me contacter par mail ou sur mes r\u00e9seaux pour parler de ton projet. Que ton id\u00e9e soit d\u00e9j\u00e0 bien d\u00e9finie ou encore en train de germer, je suis l\u00e0 pour t\u2019accompagner.<\/p>\n<\/div>\n\n\n\n<div class=\"wp-block-column is-vertically-aligned-center is-layout-flow wp-container-core-column-is-layout-0f55f37d wp-block-column-is-layout-flow\" style=\"border-width:2px;padding-top:0;padding-bottom:0\">\n<div class=\"wp-block-columns is-layout-flex wp-container-core-columns-is-layout-28f84493 wp-block-columns-is-layout-flex\">\n<div class=\"wp-block-column is-layout-flow wp-block-column-is-layout-flow\" style=\"flex-basis:100%\">\n<h2 class=\"wp-block-heading has-text-align-center\">\u00c9change et envoi du contrat<\/h2>\n\n\n\n<figure class=\"wp-block-image aligncenter size-full is-resized has-custom-border\"><img loading=\"lazy\" decoding=\"async\" width=\"1748\" height=\"1240\" src=\"https:\/\/maimilphotos.fr\/wp-content\/uploads\/2026\/01\/2-1.png\" alt=\"\" class=\"wp-image-835\" style=\"border-top-left-radius:0px;border-top-right-radius:0px;border-bottom-left-radius:0px;border-bottom-right-radius:0px;width:272px;height:auto\" srcset=\"https:\/\/maimilphotos.fr\/wp-content\/uploads\/2026\/01\/2-1.png 1748w, https:\/\/maimilphotos.fr\/wp-content\/uploads\/2026\/01\/2-1-300x213.png 300w, https:\/\/maimilphotos.fr\/wp-content\/uploads\/2026\/01\/2-1-1024x726.png 1024w, https:\/\/maimilphotos.fr\/wp-content\/uploads\/2026\/01\/2-1-768x545.png 768w, https:\/\/maimilphotos.fr\/wp-content\/uploads\/2026\/01\/2-1-1536x1090.png 1536w\" sizes=\"auto, (max-width: 1748px) 100vw, 1748px\" \/><\/figure>\n<\/div>\n<\/div>\n\n\n\n<p class=\"has-text-align-center\">Apr\u00e8s nos premiers \u00e9changes, je t\u2019enverrai un contrat r\u00e9capitulatif. Il pr\u00e9cise mes engagements envers ton projet ainsi que ce que j\u2019attends de toi pour une collaboration claire et sereine.<\/p>\n<\/div>\n<\/div>\n\n\n\n<hr class=\"wp-block-separator has-alpha-channel-opacity is-style-wide\"\/>\n<\/section>\n\n\n\n<section class=\"wp-block-group alignfull has-text-color has-global-padding is-layout-constrained wp-container-core-group-is-layout-cfee07cd wp-block-group-is-layout-constrained\" style=\"color:#03081e;margin-top:0px;margin-bottom:0;padding-top:var(--wp--preset--spacing--40);padding-right:var(--wp--preset--spacing--40);padding-bottom:var(--wp--preset--spacing--40);padding-left:var(--wp--preset--spacing--40);font-size:clamp(0.875rem, 0.875rem + ((1vw - 0.2rem) * 0.409), 1.1rem);font-style:normal;font-weight:400;line-height:1.4\">\n<div class=\"wp-block-columns is-layout-flex wp-container-core-columns-is-layout-db2df21c wp-block-columns-is-layout-flex\" style=\"margin-bottom:0px\">\n<div class=\"wp-block-column has-global-padding is-content-justification-left is-layout-constrained wp-container-core-column-is-layout-12dd3699 wp-block-column-is-layout-constrained\" style=\"border-width:2px;flex-basis:50%\">\n<h2 class=\"wp-block-heading has-text-align-center\">R\u00e9servation &amp; Signature<\/h2>\n\n\n\n<figure class=\"wp-block-image aligncenter size-full is-resized has-custom-border\"><img loading=\"lazy\" decoding=\"async\" width=\"1748\" height=\"1240\" src=\"https:\/\/maimilphotos.fr\/wp-content\/uploads\/2026\/01\/3-1.png\" alt=\"\" class=\"wp-image-838\" style=\"border-top-left-radius:0px;border-top-right-radius:0px;border-bottom-left-radius:0px;border-bottom-right-radius:0px;width:264px;height:auto\" srcset=\"https:\/\/maimilphotos.fr\/wp-content\/uploads\/2026\/01\/3-1.png 1748w, https:\/\/maimilphotos.fr\/wp-content\/uploads\/2026\/01\/3-1-300x213.png 300w, https:\/\/maimilphotos.fr\/wp-content\/uploads\/2026\/01\/3-1-1024x726.png 1024w, https:\/\/maimilphotos.fr\/wp-content\/uploads\/2026\/01\/3-1-768x545.png 768w, https:\/\/maimilphotos.fr\/wp-content\/uploads\/2026\/01\/3-1-1536x1090.png 1536w\" sizes=\"auto, (max-width: 1748px) 100vw, 1748px\" \/><\/figure>\n\n\n\n<p class=\"has-text-align-center\">Le projet pourra d\u00e9buter, et la date de la s\u00e9ance sera bloqu\u00e9e uniquement apr\u00e8s la signature du contrat et le versement de l\u2019acompte.<\/p>\n\n\n\n<p class=\"has-text-align-center\"><strong>PS : Pourquoi un acompte ?<\/strong><br>L\u2019acompte me permet de confirmer ta pr\u00e9sence le jour de la s\u00e9ance et d\u2019assurer que le travail engag\u00e9 se concr\u00e9tise pleinement.<\/p>\n<\/div>\n\n\n\n<div class=\"wp-block-column is-layout-flow wp-block-column-is-layout-flow\" style=\"border-width:2px\">\n<h2 class=\"wp-block-heading has-text-align-center\">Rappel &amp; \u00e9change<\/h2>\n\n\n\n<figure class=\"wp-block-image aligncenter size-full is-resized has-custom-border\"><img loading=\"lazy\" decoding=\"async\" width=\"1748\" height=\"1240\" src=\"https:\/\/maimilphotos.fr\/wp-content\/uploads\/2026\/01\/4-1.png\" alt=\"\" class=\"wp-image-839\" style=\"border-top-left-radius:0px;border-top-right-radius:0px;border-bottom-left-radius:0px;border-bottom-right-radius:0px;width:261px;height:auto\" srcset=\"https:\/\/maimilphotos.fr\/wp-content\/uploads\/2026\/01\/4-1.png 1748w, https:\/\/maimilphotos.fr\/wp-content\/uploads\/2026\/01\/4-1-300x213.png 300w, https:\/\/maimilphotos.fr\/wp-content\/uploads\/2026\/01\/4-1-1024x726.png 1024w, https:\/\/maimilphotos.fr\/wp-content\/uploads\/2026\/01\/4-1-768x545.png 768w, https:\/\/maimilphotos.fr\/wp-content\/uploads\/2026\/01\/4-1-1536x1090.png 1536w\" sizes=\"auto, (max-width: 1748px) 100vw, 1748px\" \/><\/figure>\n\n\n\n<p class=\"has-text-align-center\">Je t\u2019enverrai un message 24 h avant la s\u00e9ance pour te rappeler notre rendez-vous. Pour les autres projets, je te tiendrai inform\u00e9(e) de leur avancement au fur et \u00e0 mesure.<\/p>\n\n\n\n<p class=\"has-text-align-center\">PS : Le solde sera \u00e0 r\u00e9gler le jour du shooting, et vous repartez avec une photo polaro\u00cfde offerte <\/p>\n<\/div>\n<\/div>\n\n\n\n<hr class=\"wp-block-separator has-alpha-channel-opacity is-style-wide\"\/>\n<\/section>\n\n\n\n<section class=\"wp-block-group alignfull has-text-color has-global-padding is-layout-constrained wp-container-core-group-is-layout-2884279c wp-block-group-is-layout-constrained\" style=\"color:#03081e;min-height:0px;margin-top:0px;margin-bottom:0;padding-top:var(--wp--preset--spacing--20);padding-right:var(--wp--preset--spacing--40);padding-bottom:var(--wp--preset--spacing--20);padding-left:var(--wp--preset--spacing--40);font-size:clamp(0.875rem, 0.875rem + ((1vw - 0.2rem) * 0.227), 1rem);font-style:normal;font-weight:400;line-height:1.3\">\n<div class=\"wp-block-columns is-layout-flex wp-container-core-columns-is-layout-6e8b992e wp-block-columns-is-layout-flex\" style=\"border-style:none;border-width:0px;margin-bottom:0px;padding-top:0;padding-bottom:0\">\n<div class=\"wp-block-column is-vertically-aligned-center has-global-padding is-content-justification-center is-layout-constrained wp-container-core-column-is-layout-36478bbe wp-block-column-is-layout-constrained\" style=\"border-width:2px;padding-top:0;padding-right:0;padding-bottom:0;padding-left:0;flex-basis:50%\">\n<h2 class=\"wp-block-heading has-text-align-center\">Pr\u00e9s\u00e9lection &amp; envoie<\/h2>\n\n\n\n<figure class=\"wp-block-image aligncenter size-full is-resized has-custom-border\"><img loading=\"lazy\" decoding=\"async\" width=\"1748\" height=\"1240\" src=\"https:\/\/maimilphotos.fr\/wp-content\/uploads\/2026\/01\/5-1.png\" alt=\"\" class=\"wp-image-842\" style=\"border-top-left-radius:0px;border-top-right-radius:0px;border-bottom-left-radius:0px;border-bottom-right-radius:0px;width:261px;height:auto\" srcset=\"https:\/\/maimilphotos.fr\/wp-content\/uploads\/2026\/01\/5-1.png 1748w, https:\/\/maimilphotos.fr\/wp-content\/uploads\/2026\/01\/5-1-300x213.png 300w, https:\/\/maimilphotos.fr\/wp-content\/uploads\/2026\/01\/5-1-1024x726.png 1024w, https:\/\/maimilphotos.fr\/wp-content\/uploads\/2026\/01\/5-1-768x545.png 768w, https:\/\/maimilphotos.fr\/wp-content\/uploads\/2026\/01\/5-1-1536x1090.png 1536w\" sizes=\"auto, (max-width: 1748px) 100vw, 1748px\" \/><\/figure>\n\n\n\n<p class=\"has-text-align-center\">Une fois le trie + les retouches termin\u00e9, je pr\u00e9parerai une pr\u00e9s\u00e9lection que tu recevras dans une galerie en ligne priv\u00e9e. Tu pourras alors choisir tes photos favorites (ou le projet final), que je t\u2019enverrai ensuite par mail via SwissTransfer.<\/p>\n\n\n\n<p class=\"has-text-align-center\">PS : Pour les projets graphiques, le solde devra \u00eatre r\u00e9gl\u00e9 avant l\u2019envoi des fichiers finaux.<\/p>\n<\/div>\n\n\n\n<div class=\"wp-block-column is-vertically-aligned-top is-layout-flow wp-container-core-column-is-layout-f3c7fa73 wp-block-column-is-layout-flow\" style=\"padding-top:0;padding-bottom:0\">\n<div class=\"wp-block-columns is-layout-flex wp-container-core-columns-is-layout-28f84493 wp-block-columns-is-layout-flex\">\n<div class=\"wp-block-column is-layout-flow wp-container-core-column-is-layout-1a3d6b99 wp-block-column-is-layout-flow\" style=\"padding-top:0;padding-bottom:0;flex-basis:100%\">\n<div class=\"wp-block-columns is-layout-flex wp-container-core-columns-is-layout-28f84493 wp-block-columns-is-layout-flex\" style=\"border-style:none;border-width:0px\">\n<div class=\"wp-block-column is-layout-flow wp-block-column-is-layout-flow\" style=\"border-style:none;border-width:0px;padding-top:0;padding-bottom:0;flex-basis:100%\">\n<div class=\"wp-block-columns is-layout-flex wp-container-core-columns-is-layout-28f84493 wp-block-columns-is-layout-flex\">\n<div class=\"wp-block-column is-layout-flow wp-container-core-column-is-layout-92c44e9e wp-block-column-is-layout-flow\" style=\"padding-top:0;padding-bottom:0;flex-basis:100%\">\n<div class=\"wp-block-columns is-layout-flex wp-container-core-columns-is-layout-28f84493 wp-block-columns-is-layout-flex\">\n<div class=\"wp-block-column is-vertically-aligned-center is-layout-flow wp-container-core-column-is-layout-42aebfa7 wp-block-column-is-layout-flow\" style=\"border-width:2px;padding-top:0;padding-right:0;padding-bottom:0;padding-left:0;flex-basis:100%\">\n<div class=\"wp-block-group is-style-default has-global-padding is-layout-constrained wp-container-core-group-is-layout-8c893872 wp-block-group-is-layout-constrained\" style=\"border-width:2px;min-height:0%;margin-top:var(--wp--preset--spacing--60);margin-bottom:var(--wp--preset--spacing--60);padding-top:0;padding-right:0;padding-bottom:0;padding-left:0\">\n<div class=\"wp-block-group has-global-padding is-layout-constrained wp-block-group-is-layout-constrained\">\n<h2 class=\"wp-block-heading has-text-align-center\">Facture et retour<\/h2>\n<\/div>\n\n\n\n<figure class=\"wp-block-image aligncenter size-full is-resized has-custom-border\" style=\"margin-top:var(--wp--preset--spacing--60);margin-bottom:var(--wp--preset--spacing--60)\"><img loading=\"lazy\" decoding=\"async\" width=\"1748\" height=\"1240\" src=\"https:\/\/maimilphotos.fr\/wp-content\/uploads\/2026\/01\/6-1.png\" alt=\"\" class=\"wp-image-843\" style=\"border-top-left-radius:0px;border-top-right-radius:0px;border-bottom-left-radius:0px;border-bottom-right-radius:0px;width:261px;height:auto\" srcset=\"https:\/\/maimilphotos.fr\/wp-content\/uploads\/2026\/01\/6-1.png 1748w, https:\/\/maimilphotos.fr\/wp-content\/uploads\/2026\/01\/6-1-300x213.png 300w, https:\/\/maimilphotos.fr\/wp-content\/uploads\/2026\/01\/6-1-1024x726.png 1024w, https:\/\/maimilphotos.fr\/wp-content\/uploads\/2026\/01\/6-1-768x545.png 768w, https:\/\/maimilphotos.fr\/wp-content\/uploads\/2026\/01\/6-1-1536x1090.png 1536w\" sizes=\"auto, (max-width: 1748px) 100vw, 1748px\" \/><\/figure>\n\n\n\n<p class=\"has-text-align-center\">Tu recevras une facture confirmant le paiement et la livraison du projet. Et surtout, n\u2019h\u00e9site pas \u00e0 me partager ton ressenti : \u00e7a me fait toujours tr\u00e8s plaisir d\u2019avoir ton retour !<\/p>\n<\/div>\n<\/div>\n<\/div>\n<\/div>\n<\/div>\n<\/div>\n<\/div>\n<\/div>\n<\/div>\n<\/div>\n<\/div>\n<\/section>\n\n\n\n<div class=\"wp-block-cover alignfull\" style=\"min-height:565px;aspect-ratio:unset;\"><img loading=\"lazy\" decoding=\"async\" width=\"1024\" height=\"708\" class=\"wp-block-cover__image-background wp-image-454 size-large\" alt=\"\" src=\"https:\/\/maimilphotos.fr\/wp-content\/uploads\/2025\/11\/IMG_9415_1-1024x708.jpg\" data-object-fit=\"cover\" srcset=\"https:\/\/maimilphotos.fr\/wp-content\/uploads\/2025\/11\/IMG_9415_1-1024x708.jpg 1024w, https:\/\/maimilphotos.fr\/wp-content\/uploads\/2025\/11\/IMG_9415_1-300x207.jpg 300w, https:\/\/maimilphotos.fr\/wp-content\/uploads\/2025\/11\/IMG_9415_1-768x531.jpg 768w, https:\/\/maimilphotos.fr\/wp-content\/uploads\/2025\/11\/IMG_9415_1-1536x1062.jpg 1536w, https:\/\/maimilphotos.fr\/wp-content\/uploads\/2025\/11\/IMG_9415_1-2048x1416.jpg 2048w\" sizes=\"auto, (max-width: 1024px) 100vw, 1024px\" \/><span aria-hidden=\"true\" class=\"wp-block-cover__background has-background-dim-0 has-background-dim\" style=\"background-color:#743f19\"><\/span><div class=\"wp-block-cover__inner-container has-global-padding is-layout-constrained wp-block-cover-is-layout-constrained\">\n<p class=\"has-text-align-center has-background\" style=\"background-color:#0000007a;font-size:clamp(16.834px, 1.052rem + ((1vw - 3.2px) * 1.042), 26px);\">une page remplie d\u2019amour !<\/p>\n<\/div><\/div>\n\n\n\n<div class=\"wp-block-group alignwide is-content-justification-center is-nowrap is-layout-flex wp-container-core-group-is-layout-956398cd wp-block-group-is-layout-flex\">\n<figure class=\"wp-block-image size-large is-resized\"><img loading=\"lazy\" decoding=\"async\" width=\"727\" height=\"1024\" src=\"http:\/\/maimilphotos.fr\/wp-content\/uploads\/2025\/11\/IMG_5617-727x1024.jpg\" alt=\"\" class=\"wp-image-389\" style=\"width:304px;height:auto\" srcset=\"https:\/\/maimilphotos.fr\/wp-content\/uploads\/2025\/11\/IMG_5617-727x1024.jpg 727w, https:\/\/maimilphotos.fr\/wp-content\/uploads\/2025\/11\/IMG_5617-213x300.jpg 213w, https:\/\/maimilphotos.fr\/wp-content\/uploads\/2025\/11\/IMG_5617-768x1082.jpg 768w, https:\/\/maimilphotos.fr\/wp-content\/uploads\/2025\/11\/IMG_5617-1091x1536.jpg 1091w, https:\/\/maimilphotos.fr\/wp-content\/uploads\/2025\/11\/IMG_5617-1454x2048.jpg 1454w, https:\/\/maimilphotos.fr\/wp-content\/uploads\/2025\/11\/IMG_5617-scaled.jpg 1818w\" sizes=\"auto, (max-width: 727px) 100vw, 727px\" \/><\/figure>\n\n\n\n<blockquote class=\"wp-block-quote has-text-align-left is-style-large is-layout-flow wp-block-quote-is-layout-flow\">\n<div class=\"wp-block-group is-nowrap is-layout-flex wp-container-core-group-is-layout-6c531013 wp-block-group-is-layout-flex\">\n<p class=\"has-text-align-center has-medium-font-size\">\u00ab&nbsp;Merci pour tout, tu es une photographe en or ! J&rsquo;ai ador\u00e9 mes s\u00e9ances portrait avec toi.\u00bb<\/p>\n<\/div>\n<cite>\u2014 Mallaury<\/cite><\/blockquote>\n<\/div>\n\n\n\n<hr class=\"wp-block-separator has-css-opacity is-style-wide\"\/>\n\n\n\n<div class=\"wp-block-group alignwide is-content-justification-left is-nowrap is-layout-flex wp-container-core-group-is-layout-56a17a74 wp-block-group-is-layout-flex\">\n<blockquote class=\"wp-block-quote has-text-align-left is-style-large is-layout-flow wp-block-quote-is-layout-flow\">\n<p class=\"has-text-align-center has-medium-font-size\">\u00ab&nbsp;Tu as \u00e9tait ma th\u00e9rapie alors merci beaucoup, Tu met tr\u00e8s vite \u00e0 l&rsquo;aise en plus, tu \u00e9coute attentivement&#8230;&nbsp;\u00bb<\/p>\n<cite>\u2014 Ma\u00ebva<\/cite><\/blockquote>\n\n\n\n<figure class=\"wp-block-image size-large is-resized\"><img loading=\"lazy\" decoding=\"async\" width=\"683\" height=\"1024\" src=\"http:\/\/maimilphotos.fr\/wp-content\/uploads\/2025\/11\/IMG_7600-683x1024.jpg\" alt=\"\" class=\"wp-image-375\" style=\"width:313px;height:auto\" srcset=\"https:\/\/maimilphotos.fr\/wp-content\/uploads\/2025\/11\/IMG_7600-683x1024.jpg 683w, https:\/\/maimilphotos.fr\/wp-content\/uploads\/2025\/11\/IMG_7600-200x300.jpg 200w, https:\/\/maimilphotos.fr\/wp-content\/uploads\/2025\/11\/IMG_7600-768x1152.jpg 768w, https:\/\/maimilphotos.fr\/wp-content\/uploads\/2025\/11\/IMG_7600-1024x1536.jpg 1024w, https:\/\/maimilphotos.fr\/wp-content\/uploads\/2025\/11\/IMG_7600-1365x2048.jpg 1365w, https:\/\/maimilphotos.fr\/wp-content\/uploads\/2025\/11\/IMG_7600-scaled.jpg 1707w\" sizes=\"auto, (max-width: 683px) 100vw, 683px\" \/><\/figure>\n<\/div>\n\n\n\n<hr class=\"wp-block-separator has-css-opacity is-style-wide\"\/>\n\n\n\n<div class=\"wp-block-group alignwide is-content-justification-left is-nowrap is-layout-flex wp-container-core-group-is-layout-fc9f69e7 wp-block-group-is-layout-flex\">\n<figure class=\"wp-block-image size-large is-resized\"><img loading=\"lazy\" decoding=\"async\" width=\"683\" height=\"1024\" src=\"http:\/\/maimilphotos.fr\/wp-content\/uploads\/2025\/11\/IMG_8806-683x1024.jpg\" alt=\"\" class=\"wp-image-409\" style=\"width:303px;height:auto\" srcset=\"https:\/\/maimilphotos.fr\/wp-content\/uploads\/2025\/11\/IMG_8806-683x1024.jpg 683w, https:\/\/maimilphotos.fr\/wp-content\/uploads\/2025\/11\/IMG_8806-200x300.jpg 200w, https:\/\/maimilphotos.fr\/wp-content\/uploads\/2025\/11\/IMG_8806-768x1152.jpg 768w, https:\/\/maimilphotos.fr\/wp-content\/uploads\/2025\/11\/IMG_8806-1024x1536.jpg 1024w, https:\/\/maimilphotos.fr\/wp-content\/uploads\/2025\/11\/IMG_8806-1365x2048.jpg 1365w, https:\/\/maimilphotos.fr\/wp-content\/uploads\/2025\/11\/IMG_8806-scaled.jpg 1707w\" sizes=\"auto, (max-width: 683px) 100vw, 683px\" \/><\/figure>\n\n\n\n<blockquote class=\"wp-block-quote has-text-align-center is-style-large is-layout-flow wp-block-quote-is-layout-flow\">\n<p class=\"has-text-align-center has-medium-font-size\">\u00ab&nbsp;C&rsquo;est bien plus qu&rsquo;un simple shooting, c&rsquo;est une v\u00e9ritable exp\u00e9rience de reconnection avec soi-m\u00eame.&nbsp;\u00bb<\/p>\n<cite>\u2014 Fabiola<\/cite><\/blockquote>\n<\/div>\n\n\n\n<hr class=\"wp-block-separator has-css-opacity is-style-wide\"\/>\n\n\n\n<div class=\"wp-block-group alignwide is-content-justification-right is-nowrap is-layout-flex wp-container-core-group-is-layout-17124a9a wp-block-group-is-layout-flex\">\n<blockquote class=\"wp-block-quote has-text-align-left is-style-large is-layout-flow wp-block-quote-is-layout-flow\">\n<p class=\"has-text-align-center has-medium-font-size\">\u00ab&nbsp;gr\u00e2ce \u00e0 elle j&rsquo;ai su trouver une part de confiance en moi, et tout s&rsquo;est merveilleusement bien passer, et je ne serai comment la remercier !\u00bb<\/p>\n<cite>\u2014 Jade<\/cite><\/blockquote>\n\n\n\n<figure class=\"wp-block-image size-large is-resized\"><img loading=\"lazy\" decoding=\"async\" width=\"683\" height=\"1024\" src=\"https:\/\/maimilphotos.fr\/wp-content\/uploads\/2025\/11\/IMG_6268-683x1024.jpg\" alt=\"\" class=\"wp-image-406\" style=\"width:318px;height:auto\" srcset=\"https:\/\/maimilphotos.fr\/wp-content\/uploads\/2025\/11\/IMG_6268-683x1024.jpg 683w, https:\/\/maimilphotos.fr\/wp-content\/uploads\/2025\/11\/IMG_6268-200x300.jpg 200w, https:\/\/maimilphotos.fr\/wp-content\/uploads\/2025\/11\/IMG_6268-768x1152.jpg 768w, https:\/\/maimilphotos.fr\/wp-content\/uploads\/2025\/11\/IMG_6268-1024x1536.jpg 1024w, https:\/\/maimilphotos.fr\/wp-content\/uploads\/2025\/11\/IMG_6268-1365x2048.jpg 1365w, https:\/\/maimilphotos.fr\/wp-content\/uploads\/2025\/11\/IMG_6268-scaled.jpg 1707w\" sizes=\"auto, (max-width: 683px) 100vw, 683px\" \/><\/figure>\n<\/div>\n\n\n\n<hr class=\"wp-block-separator has-css-opacity is-style-wide\"\/>\n\n\n\n<div class=\"wp-block-group alignwide is-content-justification-right is-nowrap is-layout-flex wp-container-core-group-is-layout-17124a9a wp-block-group-is-layout-flex\">\n<figure class=\"wp-block-image size-large is-resized\"><img loading=\"lazy\" decoding=\"async\" width=\"1024\" height=\"772\" src=\"https:\/\/maimilphotos.fr\/wp-content\/uploads\/2025\/11\/IMG_20210910_170330-1024x772.jpg\" alt=\"\" class=\"wp-image-413\" style=\"width:403px;height:auto\" srcset=\"https:\/\/maimilphotos.fr\/wp-content\/uploads\/2025\/11\/IMG_20210910_170330-1024x772.jpg 1024w, https:\/\/maimilphotos.fr\/wp-content\/uploads\/2025\/11\/IMG_20210910_170330-300x226.jpg 300w, https:\/\/maimilphotos.fr\/wp-content\/uploads\/2025\/11\/IMG_20210910_170330-768x579.jpg 768w, https:\/\/maimilphotos.fr\/wp-content\/uploads\/2025\/11\/IMG_20210910_170330.jpg 1355w\" sizes=\"auto, (max-width: 1024px) 100vw, 1024px\" \/><\/figure>\n\n\n\n<blockquote class=\"wp-block-quote has-text-align-center is-style-large is-layout-flow wp-block-quote-is-layout-flow\">\n<p class=\"has-medium-font-size\">\u00ab&nbsp;Elle sait cr\u00e9er une ambiance d\u00e9tendue et bienveillante.\u00bb<\/p>\n<cite>\u2014 Morgane<\/cite><\/blockquote>\n<\/div>\n\n\n\n<hr class=\"wp-block-separator has-css-opacity is-style-wide\"\/>\n\n\n\n<div class=\"wp-block-group alignwide is-content-justification-center is-nowrap is-layout-flex wp-container-core-group-is-layout-23441af8 wp-block-group-is-layout-flex\">\n<blockquote class=\"wp-block-quote has-text-align-center is-style-large is-layout-flow wp-block-quote-is-layout-flow\">\n<p class=\"has-medium-font-size\">\u00ab&nbsp;Merci de m&rsquo;avoir fait sentir bien et belle.\u00bb<\/p>\n<cite>\u2014 Pauline<\/cite><\/blockquote>\n\n\n\n<figure class=\"wp-block-image size-large is-resized\"><img loading=\"lazy\" decoding=\"async\" width=\"704\" height=\"1024\" src=\"https:\/\/maimilphotos.fr\/wp-content\/uploads\/2025\/11\/IMG_7037-704x1024.jpg\" alt=\"\" class=\"wp-image-596\" style=\"width:222px;height:auto\" srcset=\"https:\/\/maimilphotos.fr\/wp-content\/uploads\/2025\/11\/IMG_7037-704x1024.jpg 704w, https:\/\/maimilphotos.fr\/wp-content\/uploads\/2025\/11\/IMG_7037-206x300.jpg 206w, https:\/\/maimilphotos.fr\/wp-content\/uploads\/2025\/11\/IMG_7037-768x1118.jpg 768w, https:\/\/maimilphotos.fr\/wp-content\/uploads\/2025\/11\/IMG_7037-1055x1536.jpg 1055w, https:\/\/maimilphotos.fr\/wp-content\/uploads\/2025\/11\/IMG_7037-1407x2048.jpg 1407w, https:\/\/maimilphotos.fr\/wp-content\/uploads\/2025\/11\/IMG_7037-scaled.jpg 1759w\" sizes=\"auto, (max-width: 704px) 100vw, 704px\" \/><\/figure>\n<\/div>\n\n\n\n<section class=\"wp-block-cover alignfull is-light\" style=\"margin-top:0px;padding-bottom:3.9rem;min-height:489px;aspect-ratio:unset;\"><img loading=\"lazy\" decoding=\"async\" width=\"1024\" height=\"683\" class=\"wp-block-cover__image-background wp-image-573 size-large\" alt=\"\" src=\"http:\/\/maimilphotos.fr\/wp-content\/uploads\/2025\/11\/IMG_6189-1024x683.jpg\" data-object-fit=\"cover\" srcset=\"https:\/\/maimilphotos.fr\/wp-content\/uploads\/2025\/11\/IMG_6189-1024x683.jpg 1024w, https:\/\/maimilphotos.fr\/wp-content\/uploads\/2025\/11\/IMG_6189-300x200.jpg 300w, https:\/\/maimilphotos.fr\/wp-content\/uploads\/2025\/11\/IMG_6189-768x512.jpg 768w, https:\/\/maimilphotos.fr\/wp-content\/uploads\/2025\/11\/IMG_6189-1536x1024.jpg 1536w, https:\/\/maimilphotos.fr\/wp-content\/uploads\/2025\/11\/IMG_6189-2048x1365.jpg 2048w\" sizes=\"auto, (max-width: 1024px) 100vw, 1024px\" \/><span aria-hidden=\"true\" class=\"wp-block-cover__background has-background-dim-0 has-background-dim\" style=\"background-color:#9d9490\"><\/span><div class=\"wp-block-cover__inner-container has-global-padding is-layout-constrained wp-container-core-cover-is-layout-a696c338 wp-block-cover-is-layout-constrained\">\n<div class=\"wp-block-group alignfull has-text-color has-global-padding is-layout-constrained wp-container-core-group-is-layout-6f61d7e7 wp-block-group-is-layout-constrained\" style=\"color:#252525;margin-top:0px;padding-top:0rem;padding-right:1rem;padding-bottom:0rem;padding-left:1rem;font-size:clamp(0.875rem, 0.875rem + ((1vw - 0.2rem) * 0.464), 1.13rem);font-style:normal;font-weight:400;line-height:1.4\">\n<div class=\"wp-block-group is-vertical is-content-justification-left is-layout-flex wp-container-core-group-is-layout-b21d21b4 wp-block-group-is-layout-flex\">\n<div class=\"wp-block-group has-global-padding is-layout-constrained wp-container-core-group-is-layout-a099c240 wp-block-group-is-layout-constrained\">\n<h2 class=\"wp-block-heading has-text-align-center has-text-color has-prata-regular-font-family\" style=\"color:#07277c;margin-bottom:1.11rem;font-size:clamp(1.556rem, 1.556rem + ((1vw - 0.2rem) * 1.916), 2.61rem);font-style:normal;font-weight:400;line-height:1.2\"><mark style=\"background-color:rgba(0, 0, 0, 0)\" class=\"has-inline-color has-custom-color-1-color\">Contact moi !<\/mark><\/h2>\n\n\n\n<div class=\"wp-block-group is-vertical is-content-justification-stretch is-layout-flex wp-container-core-group-is-layout-be82aac6 wp-block-group-is-layout-flex\" style=\"margin-top:0rem;padding-right:0px;padding-left:0px\">\n<div class=\"wp-block-group has-global-padding is-content-justification-center is-layout-constrained wp-container-core-group-is-layout-0638dde4 wp-block-group-is-layout-constrained\" style=\"margin-top:0px\">\n<div class=\"wp-block-buttons is-horizontal is-content-justification-right is-layout-flex wp-container-core-buttons-is-layout-1b0e492f wp-block-buttons-is-layout-flex\" style=\"margin-top:2.21rem\">\n<div class=\"wp-block-button\"><a class=\"wp-block-button__link wp-element-button\" href=\"https:\/\/maimilphotos.fr\/index.php\/contact-2\/\">C&rsquo;est ici !<\/a><\/div>\n<\/div>\n<\/div>\n<\/div>\n<\/div>\n<\/div>\n<\/div>\n\n\n\n<figure class=\"wp-block-image alignright size-large is-resized has-custom-border\"><img loading=\"lazy\" decoding=\"async\" width=\"724\" height=\"1024\" src=\"http:\/\/maimilphotos.fr\/wp-content\/uploads\/2025\/12\/Flyer-photographe-724x1024.png\" alt=\"\" class=\"wp-image-686\" style=\"border-top-left-radius:18px;border-top-right-radius:18px;border-bottom-left-radius:18px;border-bottom-right-radius:18px;aspect-ratio:0.707061191281634;width:348px;height:auto\" srcset=\"https:\/\/maimilphotos.fr\/wp-content\/uploads\/2025\/12\/Flyer-photographe-724x1024.png 724w, https:\/\/maimilphotos.fr\/wp-content\/uploads\/2025\/12\/Flyer-photographe-212x300.png 212w, https:\/\/maimilphotos.fr\/wp-content\/uploads\/2025\/12\/Flyer-photographe-768x1086.png 768w, https:\/\/maimilphotos.fr\/wp-content\/uploads\/2025\/12\/Flyer-photographe-1086x1536.png 1086w, https:\/\/maimilphotos.fr\/wp-content\/uploads\/2025\/12\/Flyer-photographe.png 1414w\" sizes=\"auto, (max-width: 724px) 100vw, 724px\" \/><\/figure>\n<\/div><\/section>\n","protected":false},"excerpt":{"rendered":"<p>photo Prise par yay&rsquo;art Qui suis-je ? Je m&rsquo;appelle&nbsp;Camille Mainguy, photographe passionn\u00e9e et cr\u00e9ative, originaire de&nbsp;Saint-Jean-de-Monts&nbsp;en Vend\u00e9e. Ma passion pour la photo est n\u00e9e tr\u00e8s t\u00f4t \u2014 \u00e0 8 ans, avec mon tout premier appareil entre les mains. Apr\u00e8s un parcours atypique entre \u00e9tudes d\u2019aide-soignante et travail en usine, j\u2019ai d\u00e9cid\u00e9 de suivre ma v\u00e9ritable [&hellip;]<\/p>\n","protected":false},"author":1,"featured_media":0,"parent":0,"menu_order":1,"comment_status":"closed","ping_status":"closed","template":"","meta":{"googlesitekit_rrm_CAowvJjDDA:productID":"","footnotes":""},"class_list":["post-136","page","type-page","status-publish","hentry"],"jetpack_sharing_enabled":true,"_links":{"self":[{"href":"https:\/\/maimilphotos.fr\/index.php\/wp-json\/wp\/v2\/pages\/136","targetHints":{"allow":["GET"]}}],"collection":[{"href":"https:\/\/maimilphotos.fr\/index.php\/wp-json\/wp\/v2\/pages"}],"about":[{"href":"https:\/\/maimilphotos.fr\/index.php\/wp-json\/wp\/v2\/types\/page"}],"author":[{"embeddable":true,"href":"https:\/\/maimilphotos.fr\/index.php\/wp-json\/wp\/v2\/users\/1"}],"replies":[{"embeddable":true,"href":"https:\/\/maimilphotos.fr\/index.php\/wp-json\/wp\/v2\/comments?post=136"}],"version-history":[{"count":99,"href":"https:\/\/maimilphotos.fr\/index.php\/wp-json\/wp\/v2\/pages\/136\/revisions"}],"predecessor-version":[{"id":860,"href":"https:\/\/maimilphotos.fr\/index.php\/wp-json\/wp\/v2\/pages\/136\/revisions\/860"}],"wp:attachment":[{"href":"https:\/\/maimilphotos.fr\/index.php\/wp-json\/wp\/v2\/media?parent=136"}],"curies":[{"name":"wp","href":"https:\/\/api.w.org\/{rel}","templated":true}]}}